{"id":82,"date":"2019-07-19T10:44:32","date_gmt":"2019-07-19T08:44:32","guid":{"rendered":"https:\/\/www.salon-marrakech.fr\/SM\/?post_type=product&#038;p=82"},"modified":"2025-11-11T13:27:34","modified_gmt":"2025-11-11T12:27:34","slug":"salon-marocain-hiba","status":"publish","type":"product","link":"https:\/\/www.salon-marrakech.fr\/SM\/salon-marocain\/salon-marocain-hiba\/","title":{"rendered":"Salon Marocain Hiba noir"},"content":{"rendered":"<p>Le salon marocain Arabesque Hiba fait r\u00e9f\u00e9rence au monde Arabesque. Etre assis dans un salon marocain Arabesque c&rsquo;est traverser le temps vers l&rsquo;Andalousie du 15\u00e8me si\u00e8cle lorsque toutes les cultures du monde se m\u00e9langeaient en Espagne. Vous ne vous lasserez pas de ce voyage magique que nous vous proposons avec notre salon marocain design. Un salon marocain marqu\u00e9 par l&rsquo;exigence de qualit\u00e9.<\/p>\n<p style=\"text-align: left;\"><strong>La configuration de salon est compos\u00e9e de <\/strong>:<\/p>\n<ul>\n<li>3 banquettes de 2 m x 70 cm<\/li>\n<li>2 accoudoirs bois<\/li>\n<li>3 matelas\u00a0 mousse cofort de 2 m x 70 cm x 25 cm<\/li>\n<li>3 parures de tissus au choix\u00a0 \u00a0 \u00a0<strong>Salon r\u00e9alisable sur mesure\u00a0<\/strong><\/li>\n<\/ul>\n<p style=\"text-align: left;\">D&rsquo;autres kit de tissu de qualit\u00e9 sup\u00e9rieurs sont disponibles \u00e0 partir de 169\u20ac<\/p>\n<p style=\"text-align: left;\">Livraison possible en France M\u00e9tropolitaine<\/p>\n<p style=\"text-align: left;\">Possibilit\u00e9 d&rsquo;adapter des dossiers arri\u00e8res pour les banquettes<\/p>\n<p style=\"text-align: left;\">M\u00eame les couleurs du vernis sont modifiables : nature, merisier, ch\u00eane ou noir (\u00e0 pr\u00e9ciser lors de votre commande)<\/p>\n<ul>\n<li style=\"text-align: left;\">Fabrication et livraison sous 2 \u00e0 4 semaines dans toute la France.<\/li>\n<li style=\"text-align: left;\">M\u00eame les coloris des housses sont modifiables ! Faites votre choix dans la rubrique tissus.<\/li>\n<\/ul>\n","protected":false},"excerpt":{"rendered":"<p>Plongez dans l\u2019\u00e9l\u00e9gance du <strong data-start=\"349\" data-end=\"377\">salon marocain Hiba noir<\/strong>, une cr\u00e9ation inspir\u00e9e du raffinement arabesque et de l\u2019Andalousie du XVe si\u00e8cle. Alliant tradition et modernit\u00e9, ce mod\u00e8le apporte une ambiance chaleureuse et authentique \u00e0 votre int\u00e9rieur. Personnalisable avec un large choix de tissus, il se distingue par ses finitions artisanales et son allure intemporelle qui s\u00e9duira tous vos invit\u00e9s.<\/p>\n","protected":false},"featured_media":41,"comment_status":"open","ping_status":"closed","template":"","meta":{"_et_pb_use_builder":"","_et_pb_old_content":""},"product_brand":[],"product_cat":[17],"product_tag":[],"class_list":{"0":"post-82","1":"product","2":"type-product","3":"status-publish","4":"has-post-thumbnail","6":"product_cat-salon-marocain-traditionnel","8":"first","9":"instock","10":"sale","11":"taxable","12":"shipping-taxable","13":"purchasable","14":"product-type-simple"},"yoast_head":"<!-- This site is optimized with the Yoast SEO plugin v24.8 - https:\/\/yoast.com\/wordpress\/plugins\/seo\/ -->\n<title>Salon Marocain Hiba noir - Salon Marocain Moderne sur mesure<\/title>\n<meta name=\"description\" content=\"Salon marocain Hiba noir, inspir\u00e9 du style arabesque andalou. \u00c9l\u00e9gant, personnalisable avec plusieurs tissus. Fabrication artisanale et finitions soign\u00e9es.\" \/>\n<meta name=\"robots\" content=\"index, follow, max-snippet:-1, max-image-preview:large, max-video-preview:-1\" \/>\n<link rel=\"canonical\" href=\"https:\/\/www.salon-marrakech.fr\/SM\/salon-marocain\/salon-marocain-hiba\/\" \/>\n<meta property=\"og:locale\" content=\"fr_FR\" \/>\n<meta property=\"og:type\" content=\"article\" \/>\n<meta property=\"og:title\" content=\"Salon Marocain Hiba noir - Salon Marocain Moderne sur mesure\" \/>\n<meta property=\"og:description\" content=\"Salon marocain Hiba noir, inspir\u00e9 du style arabesque andalou. \u00c9l\u00e9gant, personnalisable avec plusieurs tissus. Fabrication artisanale et finitions soign\u00e9es.\" \/>\n<meta property=\"og:url\" content=\"https:\/\/www.salon-marrakech.fr\/SM\/salon-marocain\/salon-marocain-hiba\/\" \/>\n<meta property=\"og:site_name\" content=\"Salon Marocain Moderne sur mesure\" \/>\n<meta property=\"article:publisher\" content=\"https:\/\/www.facebook.com\/salon.marocain.design\/\" \/>\n<meta property=\"article:modified_time\" content=\"2025-11-11T12:27:34+00:00\" \/>\n<meta property=\"og:image\" content=\"https:\/\/www.salon-marrakech.fr\/SM\/wp-content\/uploads\/2019\/07\/hiba-scaled.jpg\" \/>\n\t<meta property=\"og:image:width\" content=\"6000\" \/>\n\t<meta property=\"og:image:height\" content=\"4000\" \/>\n\t<meta property=\"og:image:type\" content=\"image\/jpeg\" \/>\n<meta name=\"twitter:card\" content=\"summary_large_image\" \/>\n<meta name=\"twitter:label1\" content=\"Dur\u00e9e de lecture estim\u00e9e\" \/>\n\t<meta name=\"twitter:data1\" content=\"2 minutes\" \/>\n<script type=\"application\/ld+json\" class=\"yoast-schema-graph\">{\"@context\":\"https:\/\/schema.org\",\"@graph\":[{\"@type\":\"WebPage\",\"@id\":\"https:\/\/www.salon-marrakech.fr\/SM\/salon-marocain\/salon-marocain-hiba\/\",\"url\":\"https:\/\/www.salon-marrakech.fr\/SM\/salon-marocain\/salon-marocain-hiba\/\",\"name\":\"Salon Marocain Hiba noir - Salon Marocain Moderne sur mesure\",\"isPartOf\":{\"@id\":\"https:\/\/www.salon-marrakech.fr\/SM\/#website\"},\"primaryImageOfPage\":{\"@id\":\"https:\/\/www.salon-marrakech.fr\/SM\/salon-marocain\/salon-marocain-hiba\/#primaryimage\"},\"image\":{\"@id\":\"https:\/\/www.salon-marrakech.fr\/SM\/salon-marocain\/salon-marocain-hiba\/#primaryimage\"},\"thumbnailUrl\":\"https:\/\/www.salon-marrakech.fr\/SM\/wp-content\/uploads\/2019\/07\/hiba-scaled.jpg\",\"datePublished\":\"2019-07-19T08:44:32+00:00\",\"dateModified\":\"2025-11-11T12:27:34+00:00\",\"description\":\"Salon marocain Hiba noir, inspir\u00e9 du style arabesque andalou. \u00c9l\u00e9gant, personnalisable avec plusieurs tissus. Fabrication artisanale et finitions soign\u00e9es.\",\"breadcrumb\":{\"@id\":\"https:\/\/www.salon-marrakech.fr\/SM\/salon-marocain\/salon-marocain-hiba\/#breadcrumb\"},\"inLanguage\":\"fr-FR\",\"potentialAction\":[{\"@type\":\"ReadAction\",\"target\":[\"https:\/\/www.salon-marrakech.fr\/SM\/salon-marocain\/salon-marocain-hiba\/\"]}]},{\"@type\":\"ImageObject\",\"inLanguage\":\"fr-FR\",\"@id\":\"https:\/\/www.salon-marrakech.fr\/SM\/salon-marocain\/salon-marocain-hiba\/#primaryimage\",\"url\":\"https:\/\/www.salon-marrakech.fr\/SM\/wp-content\/uploads\/2019\/07\/hiba-scaled.jpg\",\"contentUrl\":\"https:\/\/www.salon-marrakech.fr\/SM\/wp-content\/uploads\/2019\/07\/hiba-scaled.jpg\",\"width\":6000,\"height\":4000},{\"@type\":\"BreadcrumbList\",\"@id\":\"https:\/\/www.salon-marrakech.fr\/SM\/salon-marocain\/salon-marocain-hiba\/#breadcrumb\",\"itemListElement\":[{\"@type\":\"ListItem\",\"position\":1,\"name\":\"Accueil\",\"item\":\"https:\/\/www.salon-marrakech.fr\/SM\/\"},{\"@type\":\"ListItem\",\"position\":2,\"name\":\"Boutique\",\"item\":\"https:\/\/www.salon-marrakech.fr\/SM\/boutique\/\"},{\"@type\":\"ListItem\",\"position\":3,\"name\":\"Salon Marocain Hiba noir\"}]},{\"@type\":\"WebSite\",\"@id\":\"https:\/\/www.salon-marrakech.fr\/SM\/#website\",\"url\":\"https:\/\/www.salon-marrakech.fr\/SM\/\",\"name\":\"Salon Marocain Moderne sur mesure\",\"description\":\"Articles de d\u00e9coration marocaine et orientale\",\"publisher\":{\"@id\":\"https:\/\/www.salon-marrakech.fr\/SM\/#organization\"},\"potentialAction\":[{\"@type\":\"SearchAction\",\"target\":{\"@type\":\"EntryPoint\",\"urlTemplate\":\"https:\/\/www.salon-marrakech.fr\/SM\/?s={search_term_string}\"},\"query-input\":{\"@type\":\"PropertyValueSpecification\",\"valueRequired\":true,\"valueName\":\"search_term_string\"}}],\"inLanguage\":\"fr-FR\"},{\"@type\":\"Organization\",\"@id\":\"https:\/\/www.salon-marrakech.fr\/SM\/#organization\",\"name\":\"Salon Marrakech\",\"url\":\"https:\/\/www.salon-marrakech.fr\/SM\/\",\"logo\":{\"@type\":\"ImageObject\",\"inLanguage\":\"fr-FR\",\"@id\":\"https:\/\/www.salon-marrakech.fr\/SM\/#\/schema\/logo\/image\/\",\"url\":\"https:\/\/www.salon-marrakech.fr\/SM\/wp-content\/uploads\/2019\/09\/canape-logo.png\",\"contentUrl\":\"https:\/\/www.salon-marrakech.fr\/SM\/wp-content\/uploads\/2019\/09\/canape-logo.png\",\"width\":2879,\"height\":1600,\"caption\":\"Salon Marrakech\"},\"image\":{\"@id\":\"https:\/\/www.salon-marrakech.fr\/SM\/#\/schema\/logo\/image\/\"},\"sameAs\":[\"https:\/\/www.facebook.com\/salon.marocain.design\/\",\"https:\/\/www.instagram.com\/salon_marrakech_officiel\/\"]}]}<\/script>\n<!-- \/ Yoast SEO plugin. -->","yoast_head_json":{"title":"Salon Marocain Hiba noir - Salon Marocain Moderne sur mesure","description":"Salon marocain Hiba noir, inspir\u00e9 du style arabesque andalou. \u00c9l\u00e9gant, personnalisable avec plusieurs tissus. Fabrication artisanale et finitions soign\u00e9es.","robots":{"index":"index","follow":"follow","max-snippet":"max-snippet:-1","max-image-preview":"max-image-preview:large","max-video-preview":"max-video-preview:-1"},"canonical":"https:\/\/www.salon-marrakech.fr\/SM\/salon-marocain\/salon-marocain-hiba\/","og_locale":"fr_FR","og_type":"article","og_title":"Salon Marocain Hiba noir - Salon Marocain Moderne sur mesure","og_description":"Salon marocain Hiba noir, inspir\u00e9 du style arabesque andalou. \u00c9l\u00e9gant, personnalisable avec plusieurs tissus. Fabrication artisanale et finitions soign\u00e9es.","og_url":"https:\/\/www.salon-marrakech.fr\/SM\/salon-marocain\/salon-marocain-hiba\/","og_site_name":"Salon Marocain Moderne sur mesure","article_publisher":"https:\/\/www.facebook.com\/salon.marocain.design\/","article_modified_time":"2025-11-11T12:27:34+00:00","og_image":[{"width":6000,"height":4000,"url":"https:\/\/www.salon-marrakech.fr\/SM\/wp-content\/uploads\/2019\/07\/hiba-scaled.jpg","type":"image\/jpeg"}],"twitter_card":"summary_large_image","twitter_misc":{"Dur\u00e9e de lecture estim\u00e9e":"2 minutes"},"schema":{"@context":"https:\/\/schema.org","@graph":[{"@type":"WebPage","@id":"https:\/\/www.salon-marrakech.fr\/SM\/salon-marocain\/salon-marocain-hiba\/","url":"https:\/\/www.salon-marrakech.fr\/SM\/salon-marocain\/salon-marocain-hiba\/","name":"Salon Marocain Hiba noir - Salon Marocain Moderne sur mesure","isPartOf":{"@id":"https:\/\/www.salon-marrakech.fr\/SM\/#website"},"primaryImageOfPage":{"@id":"https:\/\/www.salon-marrakech.fr\/SM\/salon-marocain\/salon-marocain-hiba\/#primaryimage"},"image":{"@id":"https:\/\/www.salon-marrakech.fr\/SM\/salon-marocain\/salon-marocain-hiba\/#primaryimage"},"thumbnailUrl":"https:\/\/www.salon-marrakech.fr\/SM\/wp-content\/uploads\/2019\/07\/hiba-scaled.jpg","datePublished":"2019-07-19T08:44:32+00:00","dateModified":"2025-11-11T12:27:34+00:00","description":"Salon marocain Hiba noir, inspir\u00e9 du style arabesque andalou. \u00c9l\u00e9gant, personnalisable avec plusieurs tissus. Fabrication artisanale et finitions soign\u00e9es.","breadcrumb":{"@id":"https:\/\/www.salon-marrakech.fr\/SM\/salon-marocain\/salon-marocain-hiba\/#breadcrumb"},"inLanguage":"fr-FR","potentialAction":[{"@type":"ReadAction","target":["https:\/\/www.salon-marrakech.fr\/SM\/salon-marocain\/salon-marocain-hiba\/"]}]},{"@type":"ImageObject","inLanguage":"fr-FR","@id":"https:\/\/www.salon-marrakech.fr\/SM\/salon-marocain\/salon-marocain-hiba\/#primaryimage","url":"https:\/\/www.salon-marrakech.fr\/SM\/wp-content\/uploads\/2019\/07\/hiba-scaled.jpg","contentUrl":"https:\/\/www.salon-marrakech.fr\/SM\/wp-content\/uploads\/2019\/07\/hiba-scaled.jpg","width":6000,"height":4000},{"@type":"BreadcrumbList","@id":"https:\/\/www.salon-marrakech.fr\/SM\/salon-marocain\/salon-marocain-hiba\/#breadcrumb","itemListElement":[{"@type":"ListItem","position":1,"name":"Accueil","item":"https:\/\/www.salon-marrakech.fr\/SM\/"},{"@type":"ListItem","position":2,"name":"Boutique","item":"https:\/\/www.salon-marrakech.fr\/SM\/boutique\/"},{"@type":"ListItem","position":3,"name":"Salon Marocain Hiba noir"}]},{"@type":"WebSite","@id":"https:\/\/www.salon-marrakech.fr\/SM\/#website","url":"https:\/\/www.salon-marrakech.fr\/SM\/","name":"Salon Marocain Moderne sur mesure","description":"Articles de d\u00e9coration marocaine et orientale","publisher":{"@id":"https:\/\/www.salon-marrakech.fr\/SM\/#organization"},"potentialAction":[{"@type":"SearchAction","target":{"@type":"EntryPoint","urlTemplate":"https:\/\/www.salon-marrakech.fr\/SM\/?s={search_term_string}"},"query-input":{"@type":"PropertyValueSpecification","valueRequired":true,"valueName":"search_term_string"}}],"inLanguage":"fr-FR"},{"@type":"Organization","@id":"https:\/\/www.salon-marrakech.fr\/SM\/#organization","name":"Salon Marrakech","url":"https:\/\/www.salon-marrakech.fr\/SM\/","logo":{"@type":"ImageObject","inLanguage":"fr-FR","@id":"https:\/\/www.salon-marrakech.fr\/SM\/#\/schema\/logo\/image\/","url":"https:\/\/www.salon-marrakech.fr\/SM\/wp-content\/uploads\/2019\/09\/canape-logo.png","contentUrl":"https:\/\/www.salon-marrakech.fr\/SM\/wp-content\/uploads\/2019\/09\/canape-logo.png","width":2879,"height":1600,"caption":"Salon Marrakech"},"image":{"@id":"https:\/\/www.salon-marrakech.fr\/SM\/#\/schema\/logo\/image\/"},"sameAs":["https:\/\/www.facebook.com\/salon.marocain.design\/","https:\/\/www.instagram.com\/salon_marrakech_officiel\/"]}]}},"_links":{"self":[{"href":"https:\/\/www.salon-marrakech.fr\/SM\/wp-json\/wp\/v2\/product\/82","targetHints":{"allow":["GET"]}}],"collection":[{"href":"https:\/\/www.salon-marrakech.fr\/SM\/wp-json\/wp\/v2\/product"}],"about":[{"href":"https:\/\/www.salon-marrakech.fr\/SM\/wp-json\/wp\/v2\/types\/product"}],"replies":[{"embeddable":true,"href":"https:\/\/www.salon-marrakech.fr\/SM\/wp-json\/wp\/v2\/comments?post=82"}],"wp:featuredmedia":[{"embeddable":true,"href":"https:\/\/www.salon-marrakech.fr\/SM\/wp-json\/wp\/v2\/media\/41"}],"wp:attachment":[{"href":"https:\/\/www.salon-marrakech.fr\/SM\/wp-json\/wp\/v2\/media?parent=82"}],"wp:term":[{"taxonomy":"product_brand","embeddable":true,"href":"https:\/\/www.salon-marrakech.fr\/SM\/wp-json\/wp\/v2\/product_brand?post=82"},{"taxonomy":"product_cat","embeddable":true,"href":"https:\/\/www.salon-marrakech.fr\/SM\/wp-json\/wp\/v2\/product_cat?post=82"},{"taxonomy":"product_tag","embeddable":true,"href":"https:\/\/www.salon-marrakech.fr\/SM\/wp-json\/wp\/v2\/product_tag?post=82"}],"curies":[{"name":"wp","href":"https:\/\/api.w.org\/{rel}","templated":true}]}}