{"id":81,"date":"2019-07-19T10:39:03","date_gmt":"2019-07-19T08:39:03","guid":{"rendered":"https:\/\/www.salon-marrakech.fr\/SM\/?post_type=product&#038;p=81"},"modified":"2025-11-11T13:30:15","modified_gmt":"2025-11-11T12:30:15","slug":"salon-marocain-nejma-blanc","status":"publish","type":"product","link":"https:\/\/www.salon-marrakech.fr\/SM\/salon-marocain\/salon-marocain-nejma-blanc\/","title":{"rendered":"Salon Marocain Nejma Blanc"},"content":{"rendered":"<p style=\"text-align: left;\">Personnalisable avec une vingtaine de mod\u00e8les de tissus, ce salon marocain fera un malheur aupr\u00e8s de vos convives.<\/p>\n<p style=\"text-align: left;\">Le <strong>salon marocain Nejma blanc<\/strong> pourra s\u2019inviter dans tout type de style, de design ou de d\u00e9coration int\u00e9rieurs. Tr\u00e8s sobre avec des ornement argent\u00e9s, il s\u2019agit, en fait, d\u2019un chef \u2013 d\u2019\u0153uvre d&rsquo;\u00e9quilibre entre tradition et modernit\u00e9. Il est \u00e9vident que la technique de travail des ornements utilis\u00e9e, est plus que ma\u00eetris\u00e9e. Elle est ma\u00eetris\u00e9e \u00e0 la perfection car elle aboutit \u00e0 une r\u00e9alisation tr\u00e8s raffin\u00e9e et fait de ce mod\u00e8le de salon marocain un des Best Seller de ces derni\u00e8res ann\u00e9e.<\/p>\n<p style=\"text-align: left;\">Pour ce salon marocain Nejma moderne configur\u00e9 en L, il est inclut :<\/p>\n<ul>\n<li style=\"text-align: left;\">\u00a02 banquettes de 2 m x 70 cm<\/li>\n<li style=\"text-align: left;\">\u00a02 accoudoirs<\/li>\n<li style=\"text-align: left;\">\u00a01 coffre de coins<\/li>\n<li style=\"text-align: left;\">\u00a01 table octogonale<\/li>\n<li style=\"text-align: left;\">\u00a02 matelas mousse \u00ab qualit\u00e9 ferme \u00bb, plusieurs densit\u00e9s possibles<\/li>\n<\/ul>\n<p style=\"text-align: left;\">Possibilit\u00e9 d\u2019adapter les dossiers arri\u00e8re pour les salons<\/p>\n<p style=\"text-align: left;\">Cette offre comprend \u00e9galement 1 parure tissus compl\u00e8te compos\u00e9e de 2 coussins, 2 traversins, 1 housse et 1 \u00e9dredon.<\/p>\n<p style=\"text-align: left;\">Nous vous garantissons la livraison de votre salon marocain Nejma en camion capitonn\u00e9 dans toute la France M\u00e9tropolitaine pour seulement 179 \u20ac.<\/p>\n<p style=\"text-align: left;\">Vous pouvez choisir entre diff\u00e9rentes essences de bois de grande qualit\u00e9 et d\u2019une grande solidit\u00e9 : nature, merisier, ch\u00eane ou noir, \u00e0 pr\u00e9ciser lors de votre commande. Et pour avoir des housses en harmonie avec votre d\u00e9coration, s\u00e9lectionnez votre choix de coloris et motifs dans la rubrique tissus.<\/p>\n<p style=\"text-align: left;\">De 1 \u00e0 4 semaines, nous fabriquons et livrons votre salon marocain moderne dans Paris et toute sa r\u00e9gion. Pour une livraison partout ailleurs en France, voir livraisons en magasin.<\/p>\n","protected":false},"excerpt":{"rendered":"<p>Laissez-vous s\u00e9duire par le <strong data-start=\"346\" data-end=\"376\">salon marocain Nejma Blanc<\/strong>, un chef-d\u2019\u0153uvre d\u2019\u00e9l\u00e9gance m\u00ealant tradition et modernit\u00e9. Orn\u00e9 de motifs argent\u00e9s raffin\u00e9s, il s\u2019adapte \u00e0 tous les styles d\u2019int\u00e9rieur. Ce mod\u00e8le, configurable en L, comprend banquettes, accoudoirs, coffre, table octogonale et parure compl\u00e8te. Enti\u00e8rement personnalisable, vous pouvez choisir essences de bois, densit\u00e9 de mousse et tissus parmi une large s\u00e9lection. Fabrication artisanale et livraison partout en France sous 1 \u00e0 4 semaines.<\/p>\n","protected":false},"featured_media":18,"comment_status":"open","ping_status":"closed","template":"","meta":{"_et_pb_use_builder":"","_et_pb_old_content":""},"product_brand":[],"product_cat":[17],"product_tag":[],"class_list":{"0":"post-81","1":"product","2":"type-product","3":"status-publish","4":"has-post-thumbnail","6":"product_cat-salon-marocain-traditionnel","8":"first","9":"instock","10":"taxable","11":"shipping-taxable","12":"product-type-simple"},"yoast_head":"<!-- This site is optimized with the Yoast SEO plugin v24.8 - https:\/\/yoast.com\/wordpress\/plugins\/seo\/ -->\n<title>Salon Marocain Nejma Blanc - Salon Marocain Moderne sur mesure<\/title>\n<meta name=\"robots\" content=\"index, follow, max-snippet:-1, max-image-preview:large, max-video-preview:-1\" \/>\n<link rel=\"canonical\" href=\"https:\/\/www.salon-marrakech.fr\/SM\/salon-marocain\/salon-marocain-nejma-blanc\/\" \/>\n<meta property=\"og:locale\" content=\"fr_FR\" \/>\n<meta property=\"og:type\" content=\"article\" \/>\n<meta property=\"og:title\" content=\"Salon Marocain Nejma Blanc - Salon Marocain Moderne sur mesure\" \/>\n<meta property=\"og:description\" content=\"Laissez-vous s\u00e9duire par le salon marocain Nejma Blanc, un chef-d\u2019\u0153uvre d\u2019\u00e9l\u00e9gance m\u00ealant tradition et modernit\u00e9. Orn\u00e9 de motifs argent\u00e9s raffin\u00e9s, il s\u2019adapte \u00e0 tous les styles d\u2019int\u00e9rieur. Ce mod\u00e8le, configurable en L, comprend banquettes, accoudoirs, coffre, table octogonale et parure compl\u00e8te. Enti\u00e8rement personnalisable, vous pouvez choisir essences de bois, densit\u00e9 de mousse et tissus parmi une large s\u00e9lection. Fabrication artisanale et livraison partout en France sous 1 \u00e0 4 semaines.\" \/>\n<meta property=\"og:url\" content=\"https:\/\/www.salon-marrakech.fr\/SM\/salon-marocain\/salon-marocain-nejma-blanc\/\" \/>\n<meta property=\"og:site_name\" content=\"Salon Marocain Moderne sur mesure\" \/>\n<meta property=\"article:publisher\" content=\"https:\/\/www.facebook.com\/salon.marocain.design\/\" \/>\n<meta property=\"article:modified_time\" content=\"2025-11-11T12:30:15+00:00\" \/>\n<meta property=\"og:image\" content=\"https:\/\/www.salon-marrakech.fr\/SM\/wp-content\/uploads\/2019\/07\/DSC_0642-scaled.jpg\" \/>\n\t<meta property=\"og:image:width\" content=\"6000\" \/>\n\t<meta property=\"og:image:height\" content=\"4000\" \/>\n\t<meta property=\"og:image:type\" content=\"image\/jpeg\" \/>\n<meta name=\"twitter:card\" content=\"summary_large_image\" \/>\n<meta name=\"twitter:label1\" content=\"Dur\u00e9e de lecture estim\u00e9e\" \/>\n\t<meta name=\"twitter:data1\" content=\"2 minutes\" \/>\n<script type=\"application\/ld+json\" class=\"yoast-schema-graph\">{\"@context\":\"https:\/\/schema.org\",\"@graph\":[{\"@type\":\"WebPage\",\"@id\":\"https:\/\/www.salon-marrakech.fr\/SM\/salon-marocain\/salon-marocain-nejma-blanc\/\",\"url\":\"https:\/\/www.salon-marrakech.fr\/SM\/salon-marocain\/salon-marocain-nejma-blanc\/\",\"name\":\"Salon Marocain Nejma Blanc - Salon Marocain Moderne sur mesure\",\"isPartOf\":{\"@id\":\"https:\/\/www.salon-marrakech.fr\/SM\/#website\"},\"primaryImageOfPage\":{\"@id\":\"https:\/\/www.salon-marrakech.fr\/SM\/salon-marocain\/salon-marocain-nejma-blanc\/#primaryimage\"},\"image\":{\"@id\":\"https:\/\/www.salon-marrakech.fr\/SM\/salon-marocain\/salon-marocain-nejma-blanc\/#primaryimage\"},\"thumbnailUrl\":\"https:\/\/www.salon-marrakech.fr\/SM\/wp-content\/uploads\/2019\/07\/DSC_0642-scaled.jpg\",\"datePublished\":\"2019-07-19T08:39:03+00:00\",\"dateModified\":\"2025-11-11T12:30:15+00:00\",\"breadcrumb\":{\"@id\":\"https:\/\/www.salon-marrakech.fr\/SM\/salon-marocain\/salon-marocain-nejma-blanc\/#breadcrumb\"},\"inLanguage\":\"fr-FR\",\"potentialAction\":[{\"@type\":\"ReadAction\",\"target\":[\"https:\/\/www.salon-marrakech.fr\/SM\/salon-marocain\/salon-marocain-nejma-blanc\/\"]}]},{\"@type\":\"ImageObject\",\"inLanguage\":\"fr-FR\",\"@id\":\"https:\/\/www.salon-marrakech.fr\/SM\/salon-marocain\/salon-marocain-nejma-blanc\/#primaryimage\",\"url\":\"https:\/\/www.salon-marrakech.fr\/SM\/wp-content\/uploads\/2019\/07\/DSC_0642-scaled.jpg\",\"contentUrl\":\"https:\/\/www.salon-marrakech.fr\/SM\/wp-content\/uploads\/2019\/07\/DSC_0642-scaled.jpg\",\"width\":6000,\"height\":4000},{\"@type\":\"BreadcrumbList\",\"@id\":\"https:\/\/www.salon-marrakech.fr\/SM\/salon-marocain\/salon-marocain-nejma-blanc\/#breadcrumb\",\"itemListElement\":[{\"@type\":\"ListItem\",\"position\":1,\"name\":\"Accueil\",\"item\":\"https:\/\/www.salon-marrakech.fr\/SM\/\"},{\"@type\":\"ListItem\",\"position\":2,\"name\":\"Boutique\",\"item\":\"https:\/\/www.salon-marrakech.fr\/SM\/boutique\/\"},{\"@type\":\"ListItem\",\"position\":3,\"name\":\"Salon Marocain Nejma Blanc\"}]},{\"@type\":\"WebSite\",\"@id\":\"https:\/\/www.salon-marrakech.fr\/SM\/#website\",\"url\":\"https:\/\/www.salon-marrakech.fr\/SM\/\",\"name\":\"Salon Marocain Moderne sur mesure\",\"description\":\"Articles de d\u00e9coration marocaine et orientale\",\"publisher\":{\"@id\":\"https:\/\/www.salon-marrakech.fr\/SM\/#organization\"},\"potentialAction\":[{\"@type\":\"SearchAction\",\"target\":{\"@type\":\"EntryPoint\",\"urlTemplate\":\"https:\/\/www.salon-marrakech.fr\/SM\/?s={search_term_string}\"},\"query-input\":{\"@type\":\"PropertyValueSpecification\",\"valueRequired\":true,\"valueName\":\"search_term_string\"}}],\"inLanguage\":\"fr-FR\"},{\"@type\":\"Organization\",\"@id\":\"https:\/\/www.salon-marrakech.fr\/SM\/#organization\",\"name\":\"Salon Marrakech\",\"url\":\"https:\/\/www.salon-marrakech.fr\/SM\/\",\"logo\":{\"@type\":\"ImageObject\",\"inLanguage\":\"fr-FR\",\"@id\":\"https:\/\/www.salon-marrakech.fr\/SM\/#\/schema\/logo\/image\/\",\"url\":\"https:\/\/www.salon-marrakech.fr\/SM\/wp-content\/uploads\/2019\/09\/canape-logo.png\",\"contentUrl\":\"https:\/\/www.salon-marrakech.fr\/SM\/wp-content\/uploads\/2019\/09\/canape-logo.png\",\"width\":2879,\"height\":1600,\"caption\":\"Salon Marrakech\"},\"image\":{\"@id\":\"https:\/\/www.salon-marrakech.fr\/SM\/#\/schema\/logo\/image\/\"},\"sameAs\":[\"https:\/\/www.facebook.com\/salon.marocain.design\/\",\"https:\/\/www.instagram.com\/salon_marrakech_officiel\/\"]}]}<\/script>\n<!-- \/ Yoast SEO plugin. -->","yoast_head_json":{"title":"Salon Marocain Nejma Blanc - Salon Marocain Moderne sur mesure","robots":{"index":"index","follow":"follow","max-snippet":"max-snippet:-1","max-image-preview":"max-image-preview:large","max-video-preview":"max-video-preview:-1"},"canonical":"https:\/\/www.salon-marrakech.fr\/SM\/salon-marocain\/salon-marocain-nejma-blanc\/","og_locale":"fr_FR","og_type":"article","og_title":"Salon Marocain Nejma Blanc - Salon Marocain Moderne sur mesure","og_description":"Laissez-vous s\u00e9duire par le salon marocain Nejma Blanc, un chef-d\u2019\u0153uvre d\u2019\u00e9l\u00e9gance m\u00ealant tradition et modernit\u00e9. Orn\u00e9 de motifs argent\u00e9s raffin\u00e9s, il s\u2019adapte \u00e0 tous les styles d\u2019int\u00e9rieur. Ce mod\u00e8le, configurable en L, comprend banquettes, accoudoirs, coffre, table octogonale et parure compl\u00e8te. Enti\u00e8rement personnalisable, vous pouvez choisir essences de bois, densit\u00e9 de mousse et tissus parmi une large s\u00e9lection. Fabrication artisanale et livraison partout en France sous 1 \u00e0 4 semaines.","og_url":"https:\/\/www.salon-marrakech.fr\/SM\/salon-marocain\/salon-marocain-nejma-blanc\/","og_site_name":"Salon Marocain Moderne sur mesure","article_publisher":"https:\/\/www.facebook.com\/salon.marocain.design\/","article_modified_time":"2025-11-11T12:30:15+00:00","og_image":[{"width":6000,"height":4000,"url":"https:\/\/www.salon-marrakech.fr\/SM\/wp-content\/uploads\/2019\/07\/DSC_0642-scaled.jpg","type":"image\/jpeg"}],"twitter_card":"summary_large_image","twitter_misc":{"Dur\u00e9e de lecture estim\u00e9e":"2 minutes"},"schema":{"@context":"https:\/\/schema.org","@graph":[{"@type":"WebPage","@id":"https:\/\/www.salon-marrakech.fr\/SM\/salon-marocain\/salon-marocain-nejma-blanc\/","url":"https:\/\/www.salon-marrakech.fr\/SM\/salon-marocain\/salon-marocain-nejma-blanc\/","name":"Salon Marocain Nejma Blanc - Salon Marocain Moderne sur mesure","isPartOf":{"@id":"https:\/\/www.salon-marrakech.fr\/SM\/#website"},"primaryImageOfPage":{"@id":"https:\/\/www.salon-marrakech.fr\/SM\/salon-marocain\/salon-marocain-nejma-blanc\/#primaryimage"},"image":{"@id":"https:\/\/www.salon-marrakech.fr\/SM\/salon-marocain\/salon-marocain-nejma-blanc\/#primaryimage"},"thumbnailUrl":"https:\/\/www.salon-marrakech.fr\/SM\/wp-content\/uploads\/2019\/07\/DSC_0642-scaled.jpg","datePublished":"2019-07-19T08:39:03+00:00","dateModified":"2025-11-11T12:30:15+00:00","breadcrumb":{"@id":"https:\/\/www.salon-marrakech.fr\/SM\/salon-marocain\/salon-marocain-nejma-blanc\/#breadcrumb"},"inLanguage":"fr-FR","potentialAction":[{"@type":"ReadAction","target":["https:\/\/www.salon-marrakech.fr\/SM\/salon-marocain\/salon-marocain-nejma-blanc\/"]}]},{"@type":"ImageObject","inLanguage":"fr-FR","@id":"https:\/\/www.salon-marrakech.fr\/SM\/salon-marocain\/salon-marocain-nejma-blanc\/#primaryimage","url":"https:\/\/www.salon-marrakech.fr\/SM\/wp-content\/uploads\/2019\/07\/DSC_0642-scaled.jpg","contentUrl":"https:\/\/www.salon-marrakech.fr\/SM\/wp-content\/uploads\/2019\/07\/DSC_0642-scaled.jpg","width":6000,"height":4000},{"@type":"BreadcrumbList","@id":"https:\/\/www.salon-marrakech.fr\/SM\/salon-marocain\/salon-marocain-nejma-blanc\/#breadcrumb","itemListElement":[{"@type":"ListItem","position":1,"name":"Accueil","item":"https:\/\/www.salon-marrakech.fr\/SM\/"},{"@type":"ListItem","position":2,"name":"Boutique","item":"https:\/\/www.salon-marrakech.fr\/SM\/boutique\/"},{"@type":"ListItem","position":3,"name":"Salon Marocain Nejma Blanc"}]},{"@type":"WebSite","@id":"https:\/\/www.salon-marrakech.fr\/SM\/#website","url":"https:\/\/www.salon-marrakech.fr\/SM\/","name":"Salon Marocain Moderne sur mesure","description":"Articles de d\u00e9coration marocaine et orientale","publisher":{"@id":"https:\/\/www.salon-marrakech.fr\/SM\/#organization"},"potentialAction":[{"@type":"SearchAction","target":{"@type":"EntryPoint","urlTemplate":"https:\/\/www.salon-marrakech.fr\/SM\/?s={search_term_string}"},"query-input":{"@type":"PropertyValueSpecification","valueRequired":true,"valueName":"search_term_string"}}],"inLanguage":"fr-FR"},{"@type":"Organization","@id":"https:\/\/www.salon-marrakech.fr\/SM\/#organization","name":"Salon Marrakech","url":"https:\/\/www.salon-marrakech.fr\/SM\/","logo":{"@type":"ImageObject","inLanguage":"fr-FR","@id":"https:\/\/www.salon-marrakech.fr\/SM\/#\/schema\/logo\/image\/","url":"https:\/\/www.salon-marrakech.fr\/SM\/wp-content\/uploads\/2019\/09\/canape-logo.png","contentUrl":"https:\/\/www.salon-marrakech.fr\/SM\/wp-content\/uploads\/2019\/09\/canape-logo.png","width":2879,"height":1600,"caption":"Salon Marrakech"},"image":{"@id":"https:\/\/www.salon-marrakech.fr\/SM\/#\/schema\/logo\/image\/"},"sameAs":["https:\/\/www.facebook.com\/salon.marocain.design\/","https:\/\/www.instagram.com\/salon_marrakech_officiel\/"]}]}},"_links":{"self":[{"href":"https:\/\/www.salon-marrakech.fr\/SM\/wp-json\/wp\/v2\/product\/81","targetHints":{"allow":["GET"]}}],"collection":[{"href":"https:\/\/www.salon-marrakech.fr\/SM\/wp-json\/wp\/v2\/product"}],"about":[{"href":"https:\/\/www.salon-marrakech.fr\/SM\/wp-json\/wp\/v2\/types\/product"}],"replies":[{"embeddable":true,"href":"https:\/\/www.salon-marrakech.fr\/SM\/wp-json\/wp\/v2\/comments?post=81"}],"wp:featuredmedia":[{"embeddable":true,"href":"https:\/\/www.salon-marrakech.fr\/SM\/wp-json\/wp\/v2\/media\/18"}],"wp:attachment":[{"href":"https:\/\/www.salon-marrakech.fr\/SM\/wp-json\/wp\/v2\/media?parent=81"}],"wp:term":[{"taxonomy":"product_brand","embeddable":true,"href":"https:\/\/www.salon-marrakech.fr\/SM\/wp-json\/wp\/v2\/product_brand?post=81"},{"taxonomy":"product_cat","embeddable":true,"href":"https:\/\/www.salon-marrakech.fr\/SM\/wp-json\/wp\/v2\/product_cat?post=81"},{"taxonomy":"product_tag","embeddable":true,"href":"https:\/\/www.salon-marrakech.fr\/SM\/wp-json\/wp\/v2\/product_tag?post=81"}],"curies":[{"name":"wp","href":"https:\/\/api.w.org\/{rel}","templated":true}]}}