{"id":341,"date":"2019-09-05T18:24:05","date_gmt":"2019-09-05T16:24:05","guid":{"rendered":"https:\/\/www.salon-marrakech.fr\/SM\/?post_type=product&#038;p=341"},"modified":"2025-11-11T13:07:21","modified_gmt":"2025-11-11T12:07:21","slug":"salon-marocain-warda-nacre","status":"publish","type":"product","link":"https:\/\/www.salon-marrakech.fr\/SM\/salon-marocain\/salon-marocain-warda-nacre\/","title":{"rendered":"Salon Marocain Warda Nacr\u00e9"},"content":{"rendered":"<p>[et_pb_section fb_built=\u00a0\u00bb1&Prime; admin_label=\u00a0\u00bbsection\u00a0\u00bb _builder_version=\u00a0\u00bb3.0.47&Prime;][et_pb_row admin_label=\u00a0\u00bbrow\u00a0\u00bb _builder_version=\u00a0\u00bb3.0.48&Prime; background_size=\u00a0\u00bbinitial\u00a0\u00bb background_position=\u00a0\u00bbtop_left\u00a0\u00bb background_repeat=\u00a0\u00bbrepeat\u00a0\u00bb][et_pb_column type=\u00a0\u00bb4_4&Prime; _builder_version=\u00a0\u00bb3.0.47&Prime;][et_pb_text admin_label=\u00a0\u00bbText\u00a0\u00bb _builder_version=\u00a0\u00bb3.0.74&Prime; background_size=\u00a0\u00bbinitial\u00a0\u00bb background_position=\u00a0\u00bbtop_left\u00a0\u00bb background_repeat=\u00a0\u00bbrepeat\u00a0\u00bb]<\/p>\n<p>La gamme de salon marocain warda b\u00e9n\u00e9ficie d&rsquo;un travail d\u00e9licat que nous vous invitons \u00e0 d\u00e9couvrir dans notre magasin.<\/p>\n<p>Un salon marocain qui vous fait voyager et\u00a0fait r\u00e9f\u00e9rence au moulures \u00e9poque Louis XV\u00a0et somptueusement ex\u00e9cut\u00e9 par un m\u00e9ticuleux travail photographique, enti\u00e8rement\u00a0cr\u00e9\u00e9 et fabriqu\u00e9 en France.\u00a0Retrouvez tout le charme et l&rsquo;authenticit\u00e9 des appartements Haussmanniens avec ces boiseries joliment peintes en blanc nacr\u00e9 mat l\u00e9g\u00e8rement gris\u00e9 pour une note chic et po\u00e9tique dans votre int\u00e9rieur.<\/p>\n<p><span style=\"font-size: 14px;\">Le salon marocain Warda livr\u00e9 par d\u00e9faut avec des Sedaris en bois marquet\u00e9, mais vous avez la possibilit\u00e9 de coordonner vous-m\u00eame votre salon marocain.<\/span><\/p>\n<p>Nous nous effor\u00e7ons de cr\u00e9er des gammes originales et harmonieuses, mais vous \u00eates libre d&rsquo;adapter nos sedaris et autres meubles \u00e0 vos propres exigences et surtout \u00e0 votre go\u00fbt, puisque nous sommes les sp\u00e9cialistes du salon marocain sur mesure !<\/p>\n<p>Salon marocain\u00a0en bois (H\u00eatre massif). Fabriqu\u00e9 avec soin, pour assurer une qualit\u00e9 irr\u00e9prochable.<\/p>\n<p><strong><span style=\"text-decoration: underline;\">La configuration de salon sur les visuels est compos\u00e9e de\u00a0<\/span><\/strong>:<\/p>\n<ul>\n<li>\u00a0Deux banquettes de 2 m de long \u00a0x 70 cm de large \u00a0, 2 accoudoirs ,<\/li>\n<li>\u00a02 matelas mousse polyether confort + densit\u00e9 de mousse au choix (souple , ferme ou tr\u00e8s ferme) ,<\/li>\n<li>\u00a01 coin coffre 70&#215;70 cm ,<\/li>\n<li>\u00a01 table basse (le mod\u00e8le de table existe de forme octogonale haute ou basse et rectangulaire)<\/li>\n<li>\u00a02 parures de tissus compl\u00e8tes enti\u00e8rement d\u00e9houssable et lavable, grand choix de coloris et mati\u00e8re disponible.<\/li>\n<\/ul>\n<p><span style=\"text-decoration: underline;\">Livraison possible en camion capitonn\u00e9 en France M\u00e9tropolitaine<\/span><\/p>\n<p><span style=\"text-decoration: underline;\">Possibilit\u00e9 d&rsquo;adapter des dossiers arri\u00e8res pour les banquettes<br \/>\n<\/span><\/p>\n<p>M\u00eame les couleurs du vernis sont modifiables : nature, merisier, ch\u00eane ou noir (\u00e0 pr\u00e9ciser lors de votre commande)<\/p>\n<table class=\"mceItemTable\" border=\"0\" width=\"100%\" cellspacing=\"0\" cellpadding=\"2\">\n<tbody>\n<tr>\n<td class=\"main\" valign=\"top\">\n<ul>\n<li>Fabrication et livraison sous 2 \u00e0 4 semaines dans toute la France.<\/li>\n<li>M\u00eame les coloris des housses sont modifiables ! Faites votre choix dans la rubrique tissus.<\/li>\n<\/ul>\n<\/td>\n<\/tr>\n<\/tbody>\n<\/table>\n<p>[\/et_pb_text][\/et_pb_column][\/et_pb_row][\/et_pb_section]<\/p>\n","protected":false},"excerpt":{"rendered":"<p>D\u00e9couvrez le salon marocain <strong data-start=\"349\" data-end=\"364\">Warda Nacr\u00e9<\/strong>, une nouveaut\u00e9 2025 alliant \u00e9l\u00e9gance et modernit\u00e9. Orn\u00e9 de magnifiques motifs arabesques et de dessins g\u00e9om\u00e9triques en relief, ce mod\u00e8le apporte une touche de raffinement unique \u00e0 votre int\u00e9rieur. Disponible en nacr\u00e9, blanc ou dans d\u2019autres coloris sur demande, il se personnalise selon vos envies pour un salon sur mesure d\u2019exception.<\/p>\n","protected":false},"featured_media":342,"comment_status":"open","ping_status":"closed","template":"","meta":{"_et_pb_use_builder":"on","_et_pb_old_content":"La gamme de salon marocain arabesque b\u00e9n\u00e9ficie d'un travail d\u00e9licat que nous vous invitons \u00e0 d\u00e9couvrir dans notre magasin.\r\n\r\nUn salon marocain qui vous fait voyager et\u00a0fait r\u00e9f\u00e9rence au monde Arabesque. Etre assis dans un salon marocain arabesque c'est traverser le temps vers l'Andalousie du 15\u00e8me si\u00e8cle lorsque toutes les cultures du monde se m\u00e9langeaient en Espagne. Vous ne vous lasserez pas de ce voyage magique que nous vous proposons avec notre salon marocain. Un salon marocain marqu\u00e9 par l'exigence de qualit\u00e9.\r\n\r\nNotre gamme de salon marocain arabesque est disponible en 4 coloris de dorures. Venez la d\u00e9couvrir dans notre magasin car certains jeux de lumi\u00e8re ne peuvent \u00eatre rendus par la photographie.\r\n\r\nLe salon marocain arabesque est livr\u00e9 par d\u00e9faut avec des Sedaris en bois marquet\u00e9, mais vous avez la possibilit\u00e9 de coordonner vous-m\u00eame votre salon marocain.\r\n\r\nNous nous effor\u00e7ons de cr\u00e9er des gammes originales et harmonieuses, mais vous \u00eates libre d'adapter nos sedaris et autres meubles \u00e0 vos propres exigences et surtout \u00e0 votre go\u00fbt, puisque nous sommes les sp\u00e9cialistes du salon marocain sur mesure !\r\n\r\nSalon marocain\u00a0en bois (H\u00eatre massif). Fabriqu\u00e9 avec soin, pour assurer une qualit\u00e9 irr\u00e9prochable.\r\n\r\n<strong><span style=\"text-decoration: underline;\">La configuration de salon sur les visuels est compos\u00e9e de\u00a0<\/span><\/strong>:\r\n<ul>\r\n \t<li>\u00a0Deux banquettes de 2 m de long \u00a0x 70 cm de large \u00a0, 2 accoudoirs ,<\/li>\r\n \t<li>\u00a02 matelas mousse polyether confort + densit\u00e9 de mousse au choix (souple , ferme ou tr\u00e8s ferme) ,<\/li>\r\n \t<li>\u00a01 coin coffre 70x70 cm ,<\/li>\r\n \t<li>\u00a01 table basse (le mod\u00e8le de table existe de forme octogonale haute ou basse et rectangulaire)<\/li>\r\n \t<li>\u00a02 parures de tissus compl\u00e8tes enti\u00e8rement d\u00e9houssable et lavable, grand choix de coloris et mati\u00e8re disponible.<\/li>\r\n<\/ul>\r\n<span style=\"text-decoration: underline;\">Livraison possible en camion capitonn\u00e9 en France M\u00e9tropolitaine<\/span>\r\n\r\n<span style=\"text-decoration: underline;\">Possibilit\u00e9 d'adapter des dossiers arri\u00e8res pour les banquettes\r\n<\/span>\r\n\r\nM\u00eame les couleurs du vernis sont modifiables : nature, merisier, ch\u00eane ou noir (\u00e0 pr\u00e9ciser lors de votre commande)\r\n<table class=\"mceItemTable\" border=\"0\" width=\"100%\" cellspacing=\"0\" cellpadding=\"2\">\r\n<tbody>\r\n<tr>\r\n<td class=\"main\" valign=\"top\">\r\n<ul>\r\n \t<li>Fabrication et livraison sous 2 \u00e0 4 semaines dans toute la France.<\/li>\r\n \t<li>M\u00eame les coloris des housses sont modifiables ! Faites votre choix dans la rubrique tissus.<\/li>\r\n<\/ul>\r\n<\/td>\r\n<\/tr>\r\n<\/tbody>\r\n<\/table>"},"product_brand":[],"product_cat":[15],"product_tag":[],"class_list":{"0":"post-341","1":"product","2":"type-product","3":"status-publish","4":"has-post-thumbnail","6":"product_cat-salon-oriental","8":"first","9":"instock","10":"sale","11":"taxable","12":"shipping-taxable","13":"purchasable","14":"product-type-simple"},"yoast_head":"<!-- This site is optimized with the Yoast SEO plugin v24.8 - https:\/\/yoast.com\/wordpress\/plugins\/seo\/ -->\n<title>Salon Marocain Warda Nacr\u00e9 - Salon Marocain Moderne sur mesure<\/title>\n<meta name=\"description\" content=\"Salon marocain Warda Nacr\u00e9, nouveaut\u00e9 2025 au design arabesque en relief. \u00c9l\u00e9gant, moderne et personnalisable. Existe aussi en blanc ou autres coloris.\" \/>\n<meta name=\"robots\" content=\"index, follow, max-snippet:-1, max-image-preview:large, max-video-preview:-1\" \/>\n<link rel=\"canonical\" href=\"https:\/\/www.salon-marrakech.fr\/SM\/salon-marocain\/salon-marocain-warda-nacre\/\" \/>\n<meta property=\"og:locale\" content=\"fr_FR\" \/>\n<meta property=\"og:type\" content=\"article\" \/>\n<meta property=\"og:title\" content=\"Salon Marocain Warda Nacr\u00e9 - Salon Marocain Moderne sur mesure\" \/>\n<meta property=\"og:description\" content=\"Salon marocain Warda Nacr\u00e9, nouveaut\u00e9 2025 au design arabesque en relief. \u00c9l\u00e9gant, moderne et personnalisable. Existe aussi en blanc ou autres coloris.\" \/>\n<meta property=\"og:url\" content=\"https:\/\/www.salon-marrakech.fr\/SM\/salon-marocain\/salon-marocain-warda-nacre\/\" \/>\n<meta property=\"og:site_name\" content=\"Salon Marocain Moderne sur mesure\" \/>\n<meta property=\"article:publisher\" content=\"https:\/\/www.facebook.com\/salon.marocain.design\/\" \/>\n<meta property=\"article:modified_time\" content=\"2025-11-11T12:07:21+00:00\" \/>\n<meta property=\"og:image\" content=\"https:\/\/www.salon-marrakech.fr\/SM\/wp-content\/uploads\/2019\/09\/warda-nacre-scaled.jpg\" \/>\n\t<meta property=\"og:image:width\" content=\"2880\" \/>\n\t<meta property=\"og:image:height\" content=\"2160\" \/>\n\t<meta property=\"og:image:type\" content=\"image\/jpeg\" \/>\n<meta name=\"twitter:card\" content=\"summary_large_image\" \/>\n<meta name=\"twitter:label1\" content=\"Dur\u00e9e de lecture estim\u00e9e\" \/>\n\t<meta name=\"twitter:data1\" content=\"2 minutes\" \/>\n<script type=\"application\/ld+json\" class=\"yoast-schema-graph\">{\"@context\":\"https:\/\/schema.org\",\"@graph\":[{\"@type\":\"WebPage\",\"@id\":\"https:\/\/www.salon-marrakech.fr\/SM\/salon-marocain\/salon-marocain-warda-nacre\/\",\"url\":\"https:\/\/www.salon-marrakech.fr\/SM\/salon-marocain\/salon-marocain-warda-nacre\/\",\"name\":\"Salon Marocain Warda Nacr\u00e9 - Salon Marocain Moderne sur mesure\",\"isPartOf\":{\"@id\":\"https:\/\/www.salon-marrakech.fr\/SM\/#website\"},\"primaryImageOfPage\":{\"@id\":\"https:\/\/www.salon-marrakech.fr\/SM\/salon-marocain\/salon-marocain-warda-nacre\/#primaryimage\"},\"image\":{\"@id\":\"https:\/\/www.salon-marrakech.fr\/SM\/salon-marocain\/salon-marocain-warda-nacre\/#primaryimage\"},\"thumbnailUrl\":\"https:\/\/www.salon-marrakech.fr\/SM\/wp-content\/uploads\/2019\/09\/warda-nacre-scaled.jpg\",\"datePublished\":\"2019-09-05T16:24:05+00:00\",\"dateModified\":\"2025-11-11T12:07:21+00:00\",\"description\":\"Salon marocain Warda Nacr\u00e9, nouveaut\u00e9 2025 au design arabesque en relief. \u00c9l\u00e9gant, moderne et personnalisable. Existe aussi en blanc ou autres coloris.\",\"breadcrumb\":{\"@id\":\"https:\/\/www.salon-marrakech.fr\/SM\/salon-marocain\/salon-marocain-warda-nacre\/#breadcrumb\"},\"inLanguage\":\"fr-FR\",\"potentialAction\":[{\"@type\":\"ReadAction\",\"target\":[\"https:\/\/www.salon-marrakech.fr\/SM\/salon-marocain\/salon-marocain-warda-nacre\/\"]}]},{\"@type\":\"ImageObject\",\"inLanguage\":\"fr-FR\",\"@id\":\"https:\/\/www.salon-marrakech.fr\/SM\/salon-marocain\/salon-marocain-warda-nacre\/#primaryimage\",\"url\":\"https:\/\/www.salon-marrakech.fr\/SM\/wp-content\/uploads\/2019\/09\/warda-nacre-scaled.jpg\",\"contentUrl\":\"https:\/\/www.salon-marrakech.fr\/SM\/wp-content\/uploads\/2019\/09\/warda-nacre-scaled.jpg\",\"width\":2880,\"height\":2160},{\"@type\":\"BreadcrumbList\",\"@id\":\"https:\/\/www.salon-marrakech.fr\/SM\/salon-marocain\/salon-marocain-warda-nacre\/#breadcrumb\",\"itemListElement\":[{\"@type\":\"ListItem\",\"position\":1,\"name\":\"Accueil\",\"item\":\"https:\/\/www.salon-marrakech.fr\/SM\/\"},{\"@type\":\"ListItem\",\"position\":2,\"name\":\"Boutique\",\"item\":\"https:\/\/www.salon-marrakech.fr\/SM\/boutique\/\"},{\"@type\":\"ListItem\",\"position\":3,\"name\":\"Salon Marocain Warda Nacr\u00e9\"}]},{\"@type\":\"WebSite\",\"@id\":\"https:\/\/www.salon-marrakech.fr\/SM\/#website\",\"url\":\"https:\/\/www.salon-marrakech.fr\/SM\/\",\"name\":\"Salon Marocain Moderne sur mesure\",\"description\":\"Articles de d\u00e9coration marocaine et orientale\",\"publisher\":{\"@id\":\"https:\/\/www.salon-marrakech.fr\/SM\/#organization\"},\"potentialAction\":[{\"@type\":\"SearchAction\",\"target\":{\"@type\":\"EntryPoint\",\"urlTemplate\":\"https:\/\/www.salon-marrakech.fr\/SM\/?s={search_term_string}\"},\"query-input\":{\"@type\":\"PropertyValueSpecification\",\"valueRequired\":true,\"valueName\":\"search_term_string\"}}],\"inLanguage\":\"fr-FR\"},{\"@type\":\"Organization\",\"@id\":\"https:\/\/www.salon-marrakech.fr\/SM\/#organization\",\"name\":\"Salon Marrakech\",\"url\":\"https:\/\/www.salon-marrakech.fr\/SM\/\",\"logo\":{\"@type\":\"ImageObject\",\"inLanguage\":\"fr-FR\",\"@id\":\"https:\/\/www.salon-marrakech.fr\/SM\/#\/schema\/logo\/image\/\",\"url\":\"https:\/\/www.salon-marrakech.fr\/SM\/wp-content\/uploads\/2019\/09\/canape-logo.png\",\"contentUrl\":\"https:\/\/www.salon-marrakech.fr\/SM\/wp-content\/uploads\/2019\/09\/canape-logo.png\",\"width\":2879,\"height\":1600,\"caption\":\"Salon Marrakech\"},\"image\":{\"@id\":\"https:\/\/www.salon-marrakech.fr\/SM\/#\/schema\/logo\/image\/\"},\"sameAs\":[\"https:\/\/www.facebook.com\/salon.marocain.design\/\",\"https:\/\/www.instagram.com\/salon_marrakech_officiel\/\"]}]}<\/script>\n<!-- \/ Yoast SEO plugin. -->","yoast_head_json":{"title":"Salon Marocain Warda Nacr\u00e9 - Salon Marocain Moderne sur mesure","description":"Salon marocain Warda Nacr\u00e9, nouveaut\u00e9 2025 au design arabesque en relief. \u00c9l\u00e9gant, moderne et personnalisable. Existe aussi en blanc ou autres coloris.","robots":{"index":"index","follow":"follow","max-snippet":"max-snippet:-1","max-image-preview":"max-image-preview:large","max-video-preview":"max-video-preview:-1"},"canonical":"https:\/\/www.salon-marrakech.fr\/SM\/salon-marocain\/salon-marocain-warda-nacre\/","og_locale":"fr_FR","og_type":"article","og_title":"Salon Marocain Warda Nacr\u00e9 - Salon Marocain Moderne sur mesure","og_description":"Salon marocain Warda Nacr\u00e9, nouveaut\u00e9 2025 au design arabesque en relief. \u00c9l\u00e9gant, moderne et personnalisable. Existe aussi en blanc ou autres coloris.","og_url":"https:\/\/www.salon-marrakech.fr\/SM\/salon-marocain\/salon-marocain-warda-nacre\/","og_site_name":"Salon Marocain Moderne sur mesure","article_publisher":"https:\/\/www.facebook.com\/salon.marocain.design\/","article_modified_time":"2025-11-11T12:07:21+00:00","og_image":[{"width":2880,"height":2160,"url":"https:\/\/www.salon-marrakech.fr\/SM\/wp-content\/uploads\/2019\/09\/warda-nacre-scaled.jpg","type":"image\/jpeg"}],"twitter_card":"summary_large_image","twitter_misc":{"Dur\u00e9e de lecture estim\u00e9e":"2 minutes"},"schema":{"@context":"https:\/\/schema.org","@graph":[{"@type":"WebPage","@id":"https:\/\/www.salon-marrakech.fr\/SM\/salon-marocain\/salon-marocain-warda-nacre\/","url":"https:\/\/www.salon-marrakech.fr\/SM\/salon-marocain\/salon-marocain-warda-nacre\/","name":"Salon Marocain Warda Nacr\u00e9 - Salon Marocain Moderne sur mesure","isPartOf":{"@id":"https:\/\/www.salon-marrakech.fr\/SM\/#website"},"primaryImageOfPage":{"@id":"https:\/\/www.salon-marrakech.fr\/SM\/salon-marocain\/salon-marocain-warda-nacre\/#primaryimage"},"image":{"@id":"https:\/\/www.salon-marrakech.fr\/SM\/salon-marocain\/salon-marocain-warda-nacre\/#primaryimage"},"thumbnailUrl":"https:\/\/www.salon-marrakech.fr\/SM\/wp-content\/uploads\/2019\/09\/warda-nacre-scaled.jpg","datePublished":"2019-09-05T16:24:05+00:00","dateModified":"2025-11-11T12:07:21+00:00","description":"Salon marocain Warda Nacr\u00e9, nouveaut\u00e9 2025 au design arabesque en relief. \u00c9l\u00e9gant, moderne et personnalisable. Existe aussi en blanc ou autres coloris.","breadcrumb":{"@id":"https:\/\/www.salon-marrakech.fr\/SM\/salon-marocain\/salon-marocain-warda-nacre\/#breadcrumb"},"inLanguage":"fr-FR","potentialAction":[{"@type":"ReadAction","target":["https:\/\/www.salon-marrakech.fr\/SM\/salon-marocain\/salon-marocain-warda-nacre\/"]}]},{"@type":"ImageObject","inLanguage":"fr-FR","@id":"https:\/\/www.salon-marrakech.fr\/SM\/salon-marocain\/salon-marocain-warda-nacre\/#primaryimage","url":"https:\/\/www.salon-marrakech.fr\/SM\/wp-content\/uploads\/2019\/09\/warda-nacre-scaled.jpg","contentUrl":"https:\/\/www.salon-marrakech.fr\/SM\/wp-content\/uploads\/2019\/09\/warda-nacre-scaled.jpg","width":2880,"height":2160},{"@type":"BreadcrumbList","@id":"https:\/\/www.salon-marrakech.fr\/SM\/salon-marocain\/salon-marocain-warda-nacre\/#breadcrumb","itemListElement":[{"@type":"ListItem","position":1,"name":"Accueil","item":"https:\/\/www.salon-marrakech.fr\/SM\/"},{"@type":"ListItem","position":2,"name":"Boutique","item":"https:\/\/www.salon-marrakech.fr\/SM\/boutique\/"},{"@type":"ListItem","position":3,"name":"Salon Marocain Warda Nacr\u00e9"}]},{"@type":"WebSite","@id":"https:\/\/www.salon-marrakech.fr\/SM\/#website","url":"https:\/\/www.salon-marrakech.fr\/SM\/","name":"Salon Marocain Moderne sur mesure","description":"Articles de d\u00e9coration marocaine et orientale","publisher":{"@id":"https:\/\/www.salon-marrakech.fr\/SM\/#organization"},"potentialAction":[{"@type":"SearchAction","target":{"@type":"EntryPoint","urlTemplate":"https:\/\/www.salon-marrakech.fr\/SM\/?s={search_term_string}"},"query-input":{"@type":"PropertyValueSpecification","valueRequired":true,"valueName":"search_term_string"}}],"inLanguage":"fr-FR"},{"@type":"Organization","@id":"https:\/\/www.salon-marrakech.fr\/SM\/#organization","name":"Salon Marrakech","url":"https:\/\/www.salon-marrakech.fr\/SM\/","logo":{"@type":"ImageObject","inLanguage":"fr-FR","@id":"https:\/\/www.salon-marrakech.fr\/SM\/#\/schema\/logo\/image\/","url":"https:\/\/www.salon-marrakech.fr\/SM\/wp-content\/uploads\/2019\/09\/canape-logo.png","contentUrl":"https:\/\/www.salon-marrakech.fr\/SM\/wp-content\/uploads\/2019\/09\/canape-logo.png","width":2879,"height":1600,"caption":"Salon Marrakech"},"image":{"@id":"https:\/\/www.salon-marrakech.fr\/SM\/#\/schema\/logo\/image\/"},"sameAs":["https:\/\/www.facebook.com\/salon.marocain.design\/","https:\/\/www.instagram.com\/salon_marrakech_officiel\/"]}]}},"_links":{"self":[{"href":"https:\/\/www.salon-marrakech.fr\/SM\/wp-json\/wp\/v2\/product\/341","targetHints":{"allow":["GET"]}}],"collection":[{"href":"https:\/\/www.salon-marrakech.fr\/SM\/wp-json\/wp\/v2\/product"}],"about":[{"href":"https:\/\/www.salon-marrakech.fr\/SM\/wp-json\/wp\/v2\/types\/product"}],"replies":[{"embeddable":true,"href":"https:\/\/www.salon-marrakech.fr\/SM\/wp-json\/wp\/v2\/comments?post=341"}],"wp:featuredmedia":[{"embeddable":true,"href":"https:\/\/www.salon-marrakech.fr\/SM\/wp-json\/wp\/v2\/media\/342"}],"wp:attachment":[{"href":"https:\/\/www.salon-marrakech.fr\/SM\/wp-json\/wp\/v2\/media?parent=341"}],"wp:term":[{"taxonomy":"product_brand","embeddable":true,"href":"https:\/\/www.salon-marrakech.fr\/SM\/wp-json\/wp\/v2\/product_brand?post=341"},{"taxonomy":"product_cat","embeddable":true,"href":"https:\/\/www.salon-marrakech.fr\/SM\/wp-json\/wp\/v2\/product_cat?post=341"},{"taxonomy":"product_tag","embeddable":true,"href":"https:\/\/www.salon-marrakech.fr\/SM\/wp-json\/wp\/v2\/product_tag?post=341"}],"curies":[{"name":"wp","href":"https:\/\/api.w.org\/{rel}","templated":true}]}}