{"id":20980,"date":"2021-02-22T12:25:23","date_gmt":"2021-02-22T11:25:23","guid":{"rendered":"https:\/\/www.salon-marrakech.fr\/SM\/?post_type=product&#038;p=20980"},"modified":"2025-11-11T12:47:08","modified_gmt":"2025-11-11T11:47:08","slug":"salon-marocain-laque-blanc-2023","status":"publish","type":"product","link":"https:\/\/www.salon-marrakech.fr\/SM\/salon-marocain\/salon-marocain-laque-blanc-2023\/","title":{"rendered":"Salon marocain laqu\u00e9 blanc 2025"},"content":{"rendered":"<p>La configuration de salon sur les visuels est compos\u00e9e de\u00a0:<\/p>\n<p>&#8211; 2 banquettes de 2 m en 70 cm de large (r\u00e9alisable sur mesure),<br \/>\n&#8211; 2 matelas mousse arrondis fermes existent aussi souples ou semi fermes<br \/>\n&#8211; 1 coin coffre d\u2019angle capitonn\u00e9 et r\u00e9alisable sur mesure<br \/>\n&#8211; 1 table arabesque existe \u00e9galement sous forme haute, octogonale, carr\u00e9, ou table basse.<\/p>\n<p>Les d\u00e9lais de fabrications et livraisons sont de 1 \u00e0 3 semaines<\/p>\n<p>Fabrication et livraison sous 1 \u00e0 3 semaines. Possibilit\u00e9 de r\u00e9aliser votre salon sur mesure<br \/>\nM\u00eame les coloris des housses sont modifiables ! Faites votre choix dans la rubrique tissus.<\/p>\n","protected":false},"excerpt":{"rendered":"<p>D\u00e9couvrez le salon marocain laqu\u00e9 blanc 2025, alliant modernit\u00e9 et \u00e9l\u00e9gance orientale. Compos\u00e9 de banquettes sur mesure, matelas fermes ou souples, coin capitonn\u00e9 et table au design arabesque. Personnalisez les dimensions, les formes et les tissus selon vos go\u00fbts. Fabrication artisanale et livraison rapide sous 1 \u00e0 3 semaines.<\/p>\n","protected":false},"featured_media":20982,"comment_status":"open","ping_status":"closed","template":"","meta":{"_et_pb_use_builder":"","_et_pb_old_content":""},"product_brand":[],"product_cat":[16],"product_tag":[],"class_list":{"0":"post-20980","1":"product","2":"type-product","3":"status-publish","4":"has-post-thumbnail","6":"product_cat-salons-marocains-moderne-design","8":"first","9":"instock","10":"taxable","11":"shipping-taxable","12":"product-type-simple"},"yoast_head":"<!-- This site is optimized with the Yoast SEO plugin v24.8 - https:\/\/yoast.com\/wordpress\/plugins\/seo\/ -->\n<title>Salon marocain laqu\u00e9 blanc 2025 - Salon Marocain Moderne sur mesure<\/title>\n<meta name=\"description\" content=\"Salon marocain laqu\u00e9 blanc 2025, moderne et raffin\u00e9. Personnalisable sur mesure avec options de table et matelas. Livraison rapide en 1 \u00e0 3 semaines.\" \/>\n<meta name=\"robots\" content=\"index, follow, max-snippet:-1, max-image-preview:large, max-video-preview:-1\" \/>\n<link rel=\"canonical\" href=\"https:\/\/www.salon-marrakech.fr\/SM\/salon-marocain\/salon-marocain-laque-blanc-2023\/\" \/>\n<meta property=\"og:locale\" content=\"fr_FR\" \/>\n<meta property=\"og:type\" content=\"article\" \/>\n<meta property=\"og:title\" content=\"Salon marocain laqu\u00e9 blanc 2025 - Salon Marocain Moderne sur mesure\" \/>\n<meta property=\"og:description\" content=\"Salon marocain laqu\u00e9 blanc 2025, moderne et raffin\u00e9. Personnalisable sur mesure avec options de table et matelas. Livraison rapide en 1 \u00e0 3 semaines.\" \/>\n<meta property=\"og:url\" content=\"https:\/\/www.salon-marrakech.fr\/SM\/salon-marocain\/salon-marocain-laque-blanc-2023\/\" \/>\n<meta property=\"og:site_name\" content=\"Salon Marocain Moderne sur mesure\" \/>\n<meta property=\"article:publisher\" content=\"https:\/\/www.facebook.com\/salon.marocain.design\/\" \/>\n<meta property=\"article:modified_time\" content=\"2025-11-11T11:47:08+00:00\" \/>\n<meta property=\"og:image\" content=\"https:\/\/www.salon-marrakech.fr\/SM\/wp-content\/uploads\/2021\/02\/IMG_20210220_154725_511.jpg\" \/>\n\t<meta property=\"og:image:width\" content=\"1000\" \/>\n\t<meta property=\"og:image:height\" content=\"661\" \/>\n\t<meta property=\"og:image:type\" content=\"image\/jpeg\" \/>\n<meta name=\"twitter:card\" content=\"summary_large_image\" \/>\n<meta name=\"twitter:label1\" content=\"Dur\u00e9e de lecture estim\u00e9e\" \/>\n\t<meta name=\"twitter:data1\" content=\"1 minute\" \/>\n<script type=\"application\/ld+json\" class=\"yoast-schema-graph\">{\"@context\":\"https:\/\/schema.org\",\"@graph\":[{\"@type\":\"WebPage\",\"@id\":\"https:\/\/www.salon-marrakech.fr\/SM\/salon-marocain\/salon-marocain-laque-blanc-2023\/\",\"url\":\"https:\/\/www.salon-marrakech.fr\/SM\/salon-marocain\/salon-marocain-laque-blanc-2023\/\",\"name\":\"Salon marocain laqu\u00e9 blanc 2025 - Salon Marocain Moderne sur mesure\",\"isPartOf\":{\"@id\":\"https:\/\/www.salon-marrakech.fr\/SM\/#website\"},\"primaryImageOfPage\":{\"@id\":\"https:\/\/www.salon-marrakech.fr\/SM\/salon-marocain\/salon-marocain-laque-blanc-2023\/#primaryimage\"},\"image\":{\"@id\":\"https:\/\/www.salon-marrakech.fr\/SM\/salon-marocain\/salon-marocain-laque-blanc-2023\/#primaryimage\"},\"thumbnailUrl\":\"https:\/\/www.salon-marrakech.fr\/SM\/wp-content\/uploads\/2021\/02\/IMG_20210220_154725_511.jpg\",\"datePublished\":\"2021-02-22T11:25:23+00:00\",\"dateModified\":\"2025-11-11T11:47:08+00:00\",\"description\":\"Salon marocain laqu\u00e9 blanc 2025, moderne et raffin\u00e9. Personnalisable sur mesure avec options de table et matelas. Livraison rapide en 1 \u00e0 3 semaines.\",\"breadcrumb\":{\"@id\":\"https:\/\/www.salon-marrakech.fr\/SM\/salon-marocain\/salon-marocain-laque-blanc-2023\/#breadcrumb\"},\"inLanguage\":\"fr-FR\",\"potentialAction\":[{\"@type\":\"ReadAction\",\"target\":[\"https:\/\/www.salon-marrakech.fr\/SM\/salon-marocain\/salon-marocain-laque-blanc-2023\/\"]}]},{\"@type\":\"ImageObject\",\"inLanguage\":\"fr-FR\",\"@id\":\"https:\/\/www.salon-marrakech.fr\/SM\/salon-marocain\/salon-marocain-laque-blanc-2023\/#primaryimage\",\"url\":\"https:\/\/www.salon-marrakech.fr\/SM\/wp-content\/uploads\/2021\/02\/IMG_20210220_154725_511.jpg\",\"contentUrl\":\"https:\/\/www.salon-marrakech.fr\/SM\/wp-content\/uploads\/2021\/02\/IMG_20210220_154725_511.jpg\",\"width\":1000,\"height\":661,\"caption\":\"Salon marocain laqu\u00e9 blanc 2021 est disponible en noir \u00e9galement. Fabriqu\u00e9 sur mesure. Grand choix de coloris et mati\u00e8re en tissu.\"},{\"@type\":\"BreadcrumbList\",\"@id\":\"https:\/\/www.salon-marrakech.fr\/SM\/salon-marocain\/salon-marocain-laque-blanc-2023\/#breadcrumb\",\"itemListElement\":[{\"@type\":\"ListItem\",\"position\":1,\"name\":\"Accueil\",\"item\":\"https:\/\/www.salon-marrakech.fr\/SM\/\"},{\"@type\":\"ListItem\",\"position\":2,\"name\":\"Boutique\",\"item\":\"https:\/\/www.salon-marrakech.fr\/SM\/boutique\/\"},{\"@type\":\"ListItem\",\"position\":3,\"name\":\"Salon marocain laqu\u00e9 blanc 2025\"}]},{\"@type\":\"WebSite\",\"@id\":\"https:\/\/www.salon-marrakech.fr\/SM\/#website\",\"url\":\"https:\/\/www.salon-marrakech.fr\/SM\/\",\"name\":\"Salon Marocain Moderne sur mesure\",\"description\":\"Articles de d\u00e9coration marocaine et orientale\",\"publisher\":{\"@id\":\"https:\/\/www.salon-marrakech.fr\/SM\/#organization\"},\"potentialAction\":[{\"@type\":\"SearchAction\",\"target\":{\"@type\":\"EntryPoint\",\"urlTemplate\":\"https:\/\/www.salon-marrakech.fr\/SM\/?s={search_term_string}\"},\"query-input\":{\"@type\":\"PropertyValueSpecification\",\"valueRequired\":true,\"valueName\":\"search_term_string\"}}],\"inLanguage\":\"fr-FR\"},{\"@type\":\"Organization\",\"@id\":\"https:\/\/www.salon-marrakech.fr\/SM\/#organization\",\"name\":\"Salon Marrakech\",\"url\":\"https:\/\/www.salon-marrakech.fr\/SM\/\",\"logo\":{\"@type\":\"ImageObject\",\"inLanguage\":\"fr-FR\",\"@id\":\"https:\/\/www.salon-marrakech.fr\/SM\/#\/schema\/logo\/image\/\",\"url\":\"https:\/\/www.salon-marrakech.fr\/SM\/wp-content\/uploads\/2019\/09\/canape-logo.png\",\"contentUrl\":\"https:\/\/www.salon-marrakech.fr\/SM\/wp-content\/uploads\/2019\/09\/canape-logo.png\",\"width\":2879,\"height\":1600,\"caption\":\"Salon Marrakech\"},\"image\":{\"@id\":\"https:\/\/www.salon-marrakech.fr\/SM\/#\/schema\/logo\/image\/\"},\"sameAs\":[\"https:\/\/www.facebook.com\/salon.marocain.design\/\",\"https:\/\/www.instagram.com\/salon_marrakech_officiel\/\"]}]}<\/script>\n<!-- \/ Yoast SEO plugin. -->","yoast_head_json":{"title":"Salon marocain laqu\u00e9 blanc 2025 - Salon Marocain Moderne sur mesure","description":"Salon marocain laqu\u00e9 blanc 2025, moderne et raffin\u00e9. Personnalisable sur mesure avec options de table et matelas. Livraison rapide en 1 \u00e0 3 semaines.","robots":{"index":"index","follow":"follow","max-snippet":"max-snippet:-1","max-image-preview":"max-image-preview:large","max-video-preview":"max-video-preview:-1"},"canonical":"https:\/\/www.salon-marrakech.fr\/SM\/salon-marocain\/salon-marocain-laque-blanc-2023\/","og_locale":"fr_FR","og_type":"article","og_title":"Salon marocain laqu\u00e9 blanc 2025 - Salon Marocain Moderne sur mesure","og_description":"Salon marocain laqu\u00e9 blanc 2025, moderne et raffin\u00e9. Personnalisable sur mesure avec options de table et matelas. Livraison rapide en 1 \u00e0 3 semaines.","og_url":"https:\/\/www.salon-marrakech.fr\/SM\/salon-marocain\/salon-marocain-laque-blanc-2023\/","og_site_name":"Salon Marocain Moderne sur mesure","article_publisher":"https:\/\/www.facebook.com\/salon.marocain.design\/","article_modified_time":"2025-11-11T11:47:08+00:00","og_image":[{"width":1000,"height":661,"url":"https:\/\/www.salon-marrakech.fr\/SM\/wp-content\/uploads\/2021\/02\/IMG_20210220_154725_511.jpg","type":"image\/jpeg"}],"twitter_card":"summary_large_image","twitter_misc":{"Dur\u00e9e de lecture estim\u00e9e":"1 minute"},"schema":{"@context":"https:\/\/schema.org","@graph":[{"@type":"WebPage","@id":"https:\/\/www.salon-marrakech.fr\/SM\/salon-marocain\/salon-marocain-laque-blanc-2023\/","url":"https:\/\/www.salon-marrakech.fr\/SM\/salon-marocain\/salon-marocain-laque-blanc-2023\/","name":"Salon marocain laqu\u00e9 blanc 2025 - Salon Marocain Moderne sur mesure","isPartOf":{"@id":"https:\/\/www.salon-marrakech.fr\/SM\/#website"},"primaryImageOfPage":{"@id":"https:\/\/www.salon-marrakech.fr\/SM\/salon-marocain\/salon-marocain-laque-blanc-2023\/#primaryimage"},"image":{"@id":"https:\/\/www.salon-marrakech.fr\/SM\/salon-marocain\/salon-marocain-laque-blanc-2023\/#primaryimage"},"thumbnailUrl":"https:\/\/www.salon-marrakech.fr\/SM\/wp-content\/uploads\/2021\/02\/IMG_20210220_154725_511.jpg","datePublished":"2021-02-22T11:25:23+00:00","dateModified":"2025-11-11T11:47:08+00:00","description":"Salon marocain laqu\u00e9 blanc 2025, moderne et raffin\u00e9. Personnalisable sur mesure avec options de table et matelas. Livraison rapide en 1 \u00e0 3 semaines.","breadcrumb":{"@id":"https:\/\/www.salon-marrakech.fr\/SM\/salon-marocain\/salon-marocain-laque-blanc-2023\/#breadcrumb"},"inLanguage":"fr-FR","potentialAction":[{"@type":"ReadAction","target":["https:\/\/www.salon-marrakech.fr\/SM\/salon-marocain\/salon-marocain-laque-blanc-2023\/"]}]},{"@type":"ImageObject","inLanguage":"fr-FR","@id":"https:\/\/www.salon-marrakech.fr\/SM\/salon-marocain\/salon-marocain-laque-blanc-2023\/#primaryimage","url":"https:\/\/www.salon-marrakech.fr\/SM\/wp-content\/uploads\/2021\/02\/IMG_20210220_154725_511.jpg","contentUrl":"https:\/\/www.salon-marrakech.fr\/SM\/wp-content\/uploads\/2021\/02\/IMG_20210220_154725_511.jpg","width":1000,"height":661,"caption":"Salon marocain laqu\u00e9 blanc 2021 est disponible en noir \u00e9galement. Fabriqu\u00e9 sur mesure. Grand choix de coloris et mati\u00e8re en tissu."},{"@type":"BreadcrumbList","@id":"https:\/\/www.salon-marrakech.fr\/SM\/salon-marocain\/salon-marocain-laque-blanc-2023\/#breadcrumb","itemListElement":[{"@type":"ListItem","position":1,"name":"Accueil","item":"https:\/\/www.salon-marrakech.fr\/SM\/"},{"@type":"ListItem","position":2,"name":"Boutique","item":"https:\/\/www.salon-marrakech.fr\/SM\/boutique\/"},{"@type":"ListItem","position":3,"name":"Salon marocain laqu\u00e9 blanc 2025"}]},{"@type":"WebSite","@id":"https:\/\/www.salon-marrakech.fr\/SM\/#website","url":"https:\/\/www.salon-marrakech.fr\/SM\/","name":"Salon Marocain Moderne sur mesure","description":"Articles de d\u00e9coration marocaine et orientale","publisher":{"@id":"https:\/\/www.salon-marrakech.fr\/SM\/#organization"},"potentialAction":[{"@type":"SearchAction","target":{"@type":"EntryPoint","urlTemplate":"https:\/\/www.salon-marrakech.fr\/SM\/?s={search_term_string}"},"query-input":{"@type":"PropertyValueSpecification","valueRequired":true,"valueName":"search_term_string"}}],"inLanguage":"fr-FR"},{"@type":"Organization","@id":"https:\/\/www.salon-marrakech.fr\/SM\/#organization","name":"Salon Marrakech","url":"https:\/\/www.salon-marrakech.fr\/SM\/","logo":{"@type":"ImageObject","inLanguage":"fr-FR","@id":"https:\/\/www.salon-marrakech.fr\/SM\/#\/schema\/logo\/image\/","url":"https:\/\/www.salon-marrakech.fr\/SM\/wp-content\/uploads\/2019\/09\/canape-logo.png","contentUrl":"https:\/\/www.salon-marrakech.fr\/SM\/wp-content\/uploads\/2019\/09\/canape-logo.png","width":2879,"height":1600,"caption":"Salon Marrakech"},"image":{"@id":"https:\/\/www.salon-marrakech.fr\/SM\/#\/schema\/logo\/image\/"},"sameAs":["https:\/\/www.facebook.com\/salon.marocain.design\/","https:\/\/www.instagram.com\/salon_marrakech_officiel\/"]}]}},"_links":{"self":[{"href":"https:\/\/www.salon-marrakech.fr\/SM\/wp-json\/wp\/v2\/product\/20980","targetHints":{"allow":["GET"]}}],"collection":[{"href":"https:\/\/www.salon-marrakech.fr\/SM\/wp-json\/wp\/v2\/product"}],"about":[{"href":"https:\/\/www.salon-marrakech.fr\/SM\/wp-json\/wp\/v2\/types\/product"}],"replies":[{"embeddable":true,"href":"https:\/\/www.salon-marrakech.fr\/SM\/wp-json\/wp\/v2\/comments?post=20980"}],"wp:featuredmedia":[{"embeddable":true,"href":"https:\/\/www.salon-marrakech.fr\/SM\/wp-json\/wp\/v2\/media\/20982"}],"wp:attachment":[{"href":"https:\/\/www.salon-marrakech.fr\/SM\/wp-json\/wp\/v2\/media?parent=20980"}],"wp:term":[{"taxonomy":"product_brand","embeddable":true,"href":"https:\/\/www.salon-marrakech.fr\/SM\/wp-json\/wp\/v2\/product_brand?post=20980"},{"taxonomy":"product_cat","embeddable":true,"href":"https:\/\/www.salon-marrakech.fr\/SM\/wp-json\/wp\/v2\/product_cat?post=20980"},{"taxonomy":"product_tag","embeddable":true,"href":"https:\/\/www.salon-marrakech.fr\/SM\/wp-json\/wp\/v2\/product_tag?post=20980"}],"curies":[{"name":"wp","href":"https:\/\/api.w.org\/{rel}","templated":true}]}}